{"id":5,"date":"2017-05-15T12:08:45","date_gmt":"2017-05-15T10:08:45","guid":{"rendered":"http:\/\/primadituttocampocalabro.net\/2017\/?page_id=5"},"modified":"2022-05-14T15:46:04","modified_gmt":"2022-05-14T13:46:04","slug":"candidati-2022","status":"publish","type":"page","link":"https:\/\/primadituttocampocalabro.net\/2017\/candidati-2022\/","title":{"rendered":"Candidati"},"content":{"rendered":"[vc_row][vc_column][vc_column_text]\n<h3><strong><a href=\"https:\/\/primadituttocampocalabro.net\/2017\/wp-content\/uploads\/2022\/05\/sandrorepaci.jpg\"><img loading=\"lazy\" class=\"alignleft size-medium wp-image-371\" src=\"https:\/\/primadituttocampocalabro.net\/2017\/wp-content\/uploads\/2022\/05\/sandrorepaci-300x300.jpg\" alt=\"\" width=\"300\" height=\"300\" srcset=\"https:\/\/primadituttocampocalabro.net\/2017\/wp-content\/uploads\/2022\/05\/sandrorepaci-300x300.jpg 300w, https:\/\/primadituttocampocalabro.net\/2017\/wp-content\/uploads\/2022\/05\/sandrorepaci-1024x1024.jpg 1024w, https:\/\/primadituttocampocalabro.net\/2017\/wp-content\/uploads\/2022\/05\/sandrorepaci-150x150.jpg 150w, https:\/\/primadituttocampocalabro.net\/2017\/wp-content\/uploads\/2022\/05\/sandrorepaci-768x768.jpg 768w, https:\/\/primadituttocampocalabro.net\/2017\/wp-content\/uploads\/2022\/05\/sandrorepaci.jpg 1200w\" sizes=\"(max-width: 300px) 100vw, 300px\" \/><\/a>REPACI ROCCO ALESSANDRO (Candidato alla carica di Sindaco)<\/strong><\/h3>\n<p>Ha 64 anni, sposato con Tita, ha due figlie. \u00c8 Medico Chirurgo, Specialista in Patologia Generale ed esercita la professione di Medico di Medicina Generale e Medico Fiduciario del Ministero della Salute per l\u2019assistenza ai naviganti. \u00c8 docente nel Corso Triennale di Formazione Specifica per medici di Medicina Generale della Regione Calabria ed ha fatto parte del gruppo di esperti per la redazione del Piano Sanitario Regionale. Esperto di organizzazione e gestione delle risorse umane in sanit\u00e0, ha diretto il gruppo di lavoro per l\u2019avvio delle procedure di controllo di gestione dell\u2019Azienda Sanitaria Provinciale di Reggio Calabria. \u00c8 stato membro del Comitato Etico dell\u2019Azienda Sanitaria Locale di Reggio Calabria e referee della Commissione Nazionale per la Formazione Continua in Medicina. Ha ricoperto incarichi come dirigente regionale e nazionale del movimento scout ed \u00e8 stato consulente del Presidente della Commissione Parlamentare per i Diritti dell\u2019Infanzia e dell\u2019Adolescenza nella XIV legislatura. Vice sindaco ed assessore all\u2019Igiene Ambientale dal 1983 al 1988 e consigliere comunale dal 2012 al 2017. Dal 2017 \u00e8 Sindaco del Comune, dal 2018 componente del Consiglio Regionale Calabria dell&#8217;Associazione Nazionale dei Comuni Italiani (ANCI). Nel 2019 \u00e8 stato eletto presidente dell&#8217;Associazione dei Comuni dell&#8217;Area dello Stretto. \u00c8 stato candidato a consigliere regionale alle elezioni del 2021 con la lista De Magistris Presidente.[\/vc_column_text][vc_separator color=&#8221;green&#8221; style=&#8221;shadow&#8221; border_width=&#8221;4&#8243;][vc_column_text]\n<h3 style=\"text-align: justify;\"><a href=\"https:\/\/primadituttocampocalabro.net\/2017\/wp-content\/uploads\/2022\/05\/alessandralofaro.jpg\"><img loading=\"lazy\" class=\"alignleft size-medium wp-image-362\" src=\"https:\/\/primadituttocampocalabro.net\/2017\/wp-content\/uploads\/2022\/05\/alessandralofaro-300x300.jpg\" alt=\"\" width=\"300\" height=\"300\" srcset=\"https:\/\/primadituttocampocalabro.net\/2017\/wp-content\/uploads\/2022\/05\/alessandralofaro-300x300.jpg 300w, https:\/\/primadituttocampocalabro.net\/2017\/wp-content\/uploads\/2022\/05\/alessandralofaro-1024x1024.jpg 1024w, https:\/\/primadituttocampocalabro.net\/2017\/wp-content\/uploads\/2022\/05\/alessandralofaro-150x150.jpg 150w, https:\/\/primadituttocampocalabro.net\/2017\/wp-content\/uploads\/2022\/05\/alessandralofaro-768x768.jpg 768w, https:\/\/primadituttocampocalabro.net\/2017\/wp-content\/uploads\/2022\/05\/alessandralofaro.jpg 1200w\" sizes=\"(max-width: 300px) 100vw, 300px\" \/><\/a>ALESSANDRA LOFARO<\/h3>\n<p>Alessandra Lofaro, 34 anni, sposata e mamma di Andrea. Sin da ragazzina ho coltivato la passione per le lingue e le culture straniere grazie alla quale ho conseguito una laurea magistrale in \u201cLingue moderne: letterature e traduzione\u201d. Per motivi di studio ho vissuto per alcuni periodi all\u2019estero ma il forte legame con la mia terra, che ho sempre vantato con orgoglio, mi ha spinto a ritornare a casa. Ho lavorato fino al 2021 come Sales Assistant per un\u2019azienda del settore chimico. Attualmente sto seguendo un percorso di specializzazione in Sostegno per la Scuola Secondaria. Cinque anni fa sono stata eletta consigliere comunale e, vista l\u2019esperienza positiva, ho deciso di la mia candidatura per continuare a portare avanti il progetto di di un gruppo che ha sempre messo l\u2019amore per Campo Calabro prima di ogni cosa. Lo stesso amore, tra l\u2019altro, che mi ha convinto a mettere qui radici.[\/vc_column_text][vc_separator color=&#8221;green&#8221; style=&#8221;shadow&#8221; border_width=&#8221;4&#8243;][vc_column_text]\n<h3 style=\"text-align: justify;\"><a href=\"https:\/\/primadituttocampocalabro.net\/2017\/wp-content\/uploads\/2022\/05\/angelacrea_.jpg\"><img loading=\"lazy\" class=\"alignleft size-medium wp-image-363\" src=\"https:\/\/primadituttocampocalabro.net\/2017\/wp-content\/uploads\/2022\/05\/angelacrea_-300x300.jpg\" alt=\"\" width=\"300\" height=\"300\" srcset=\"https:\/\/primadituttocampocalabro.net\/2017\/wp-content\/uploads\/2022\/05\/angelacrea_-300x300.jpg 300w, https:\/\/primadituttocampocalabro.net\/2017\/wp-content\/uploads\/2022\/05\/angelacrea_-1024x1024.jpg 1024w, https:\/\/primadituttocampocalabro.net\/2017\/wp-content\/uploads\/2022\/05\/angelacrea_-150x150.jpg 150w, https:\/\/primadituttocampocalabro.net\/2017\/wp-content\/uploads\/2022\/05\/angelacrea_-768x768.jpg 768w, https:\/\/primadituttocampocalabro.net\/2017\/wp-content\/uploads\/2022\/05\/angelacrea_.jpg 1200w\" sizes=\"(max-width: 300px) 100vw, 300px\" \/><\/a>ANGELA CREA<\/h3>\n<p>Sono Angela Crea, ho 28 anni, abito a Campo Piale e ho un diploma da ragioniere programmatore.<br \/>\nDa 10 anni sono attiva nel settore sportivo e da 7 anni sono Presidente della New Fides Volley Campo Calabro, un&#8217;associazione sportiva composta da un ampio settore giovanile sia maschile che femminile e da due prime squadre che giocano nei campionati di serie C e D.<br \/>\nSono stata per un anno volontaria del Servizio Civile presso il comune di Campo Calabro facendo parte del progetto Attivamente in Campo. Questa \u00e8 la mia seconda esperienza da candidata con la lista Prima di Tutto Campo Calabro.<br \/>\n5 anni fa non sono stata eletta ma, nel mio piccolo, ho sempre e comunque cercato di dare un contributo per il mio paese, con particolare attenzione ai giovani sportivi e atleti che finalmente quest\u2019anno, grazie a questa amministrazione, hanno potuto disputare le partite e gli allenamenti nel campo polivalente coperto intitolato ad Antonella Repaci.<br \/>\nHo deciso di ricandidarmi con la lista Prima di Tutto Campo Calabro, di mettermi di nuovo in gioco perch\u00e9 credo di poter dare ancora tanto al mio paese e perch\u00e9 credo fortemente nel progetto di questa squadra e nel suo \u201cCapitano\u201d, come diremmo nel volley.[\/vc_column_text][vc_separator color=&#8221;green&#8221; style=&#8221;shadow&#8221; border_width=&#8221;4&#8243;][vc_column_text]\n<h3 style=\"text-align: justify;\"><a href=\"https:\/\/primadituttocampocalabro.net\/2017\/wp-content\/uploads\/2022\/05\/francescoagostino.jpg\"><img loading=\"lazy\" class=\"alignleft size-medium wp-image-364\" src=\"https:\/\/primadituttocampocalabro.net\/2017\/wp-content\/uploads\/2022\/05\/francescoagostino-300x300.jpg\" alt=\"\" width=\"300\" height=\"300\" srcset=\"https:\/\/primadituttocampocalabro.net\/2017\/wp-content\/uploads\/2022\/05\/francescoagostino-300x300.jpg 300w, https:\/\/primadituttocampocalabro.net\/2017\/wp-content\/uploads\/2022\/05\/francescoagostino-1024x1024.jpg 1024w, https:\/\/primadituttocampocalabro.net\/2017\/wp-content\/uploads\/2022\/05\/francescoagostino-150x150.jpg 150w, https:\/\/primadituttocampocalabro.net\/2017\/wp-content\/uploads\/2022\/05\/francescoagostino-768x768.jpg 768w, https:\/\/primadituttocampocalabro.net\/2017\/wp-content\/uploads\/2022\/05\/francescoagostino.jpg 1200w\" sizes=\"(max-width: 300px) 100vw, 300px\" \/><\/a>FRANCESCO AGOSTINO<\/h3>\n<p>Ha 34 anni, attualmente Presidente del Consiglio Comunale uscente, \u00e8 anche membro del Direttivo Regionale Anci Giovani Calabria.<br \/>\nImpegnato in politica con il Movimento Passione civile sin dall&#8217;et\u00e0 di 23 anni, \u00e8 alla sua terza candidatura consecutiva. Dopo il diploma di liceo scientifico ha iniziato a lavorare nel settore turistico &#8211; ricettivo diplomandosi Barman, affrontando contemporaneamente studi in materie giuridiche. Attualmente assunto con incarico annuale presso il MIUR.[\/vc_column_text][vc_separator color=&#8221;green&#8221; style=&#8221;shadow&#8221; border_width=&#8221;4&#8243;][vc_column_text]\n<h3 style=\"text-align: justify;\"><a href=\"https:\/\/primadituttocampocalabro.net\/2017\/wp-content\/uploads\/2022\/05\/giuseppebarresi.jpg\"><img loading=\"lazy\" class=\"alignleft size-medium wp-image-365\" src=\"https:\/\/primadituttocampocalabro.net\/2017\/wp-content\/uploads\/2022\/05\/giuseppebarresi-300x300.jpg\" alt=\"\" width=\"300\" height=\"300\" srcset=\"https:\/\/primadituttocampocalabro.net\/2017\/wp-content\/uploads\/2022\/05\/giuseppebarresi-300x300.jpg 300w, https:\/\/primadituttocampocalabro.net\/2017\/wp-content\/uploads\/2022\/05\/giuseppebarresi-1024x1024.jpg 1024w, https:\/\/primadituttocampocalabro.net\/2017\/wp-content\/uploads\/2022\/05\/giuseppebarresi-150x150.jpg 150w, https:\/\/primadituttocampocalabro.net\/2017\/wp-content\/uploads\/2022\/05\/giuseppebarresi-768x768.jpg 768w, https:\/\/primadituttocampocalabro.net\/2017\/wp-content\/uploads\/2022\/05\/giuseppebarresi.jpg 1200w\" sizes=\"(max-width: 300px) 100vw, 300px\" \/><\/a>GIUSEPPE BARRESI<\/h3>\n<p>Sono Giuseppe Barresi, pap\u00e0 di Giada e Antonino e marito di Adriana. Ho 45 anni, diplomato come ragioniere programmatore, mi occupo di import e logistica per un&#8217;importante azienda del settore degli olii essenziali.<br \/>\nSono stato ufficiale dell&#8217;esercito e, tranne che per brevi parentesi, ho sempre vissuto a Campo Calabro dove sono cresciuto nel gruppo scout Agesci Marcello Giorlo e dove ho prestato anche servizio come capo educatore per 15 anni.<br \/>\nHo sempre creduto che un mondo migliore passi obbligatoriamente da quanto siamo disposti a spenderci per il prossimo; per questo motivo nel 2012 ho dato la disponibilit\u00e0 ad amministrare il nostro comune, candidandomi alla carica di consigliere comunale. Sempre nel 2012, ho contribuito alla nascita del movimento Passione Civile, di cui tutt&#8217;ora faccio parte. Nel 2017 sono stato eletto come consigliere nella lista Prima di Tutto Campo Calabro, ricevendo dal Sindaco la nomina ad assessore con delega a Bilancio, Finanze e Politiche Tributarie; ho ricoperto entrambe le cariche per tutto il mandato amministrativo.<br \/>\nMi candido perch\u00e8 sono fermamente convinto che il modello amministrativo che abbiamo presentato alla nostra comunit\u00e0 dieci anni fa e che nel 2017 ha ricevuto la fiducia dei nostri cittadini, sia un&#8217;esperienza che deve necessariamente essere riproposta e bisogna #continuarelacorsa[\/vc_column_text][vc_separator color=&#8221;green&#8221; style=&#8221;shadow&#8221; border_width=&#8221;4&#8243;][vc_column_text]\n<h3 style=\"text-align: justify;\"><a href=\"https:\/\/primadituttocampocalabro.net\/2017\/wp-content\/uploads\/2022\/05\/giuseppechirico.jpg\"><img loading=\"lazy\" class=\"alignleft size-medium wp-image-366\" src=\"https:\/\/primadituttocampocalabro.net\/2017\/wp-content\/uploads\/2022\/05\/giuseppechirico-300x300.jpg\" alt=\"\" width=\"300\" height=\"300\" srcset=\"https:\/\/primadituttocampocalabro.net\/2017\/wp-content\/uploads\/2022\/05\/giuseppechirico-300x300.jpg 300w, https:\/\/primadituttocampocalabro.net\/2017\/wp-content\/uploads\/2022\/05\/giuseppechirico-1024x1024.jpg 1024w, https:\/\/primadituttocampocalabro.net\/2017\/wp-content\/uploads\/2022\/05\/giuseppechirico-150x150.jpg 150w, https:\/\/primadituttocampocalabro.net\/2017\/wp-content\/uploads\/2022\/05\/giuseppechirico-768x768.jpg 768w, https:\/\/primadituttocampocalabro.net\/2017\/wp-content\/uploads\/2022\/05\/giuseppechirico.jpg 1200w\" sizes=\"(max-width: 300px) 100vw, 300px\" \/><\/a>GIUSEPPE CHIRICO<\/h3>\n<p>Sono Giuseppe Chirico, ho 61 anni, abito in via Timpanari e sono sposato con Angela Cotroneo con cui ho una figlia, Manuela.<br \/>\nSono Maresciallo dell\u2019Arma dei Carabinieri in Congedo.<br \/>\nNutro un amore profondo per il nostro paese e per la nostra terra, per questa ragione negli ultimi 10 anni ho intrapreso un percorso politico con il Movimento Passione Civile Campo Calabro, percorso che cinque anni fa mi ha portato ad eletto consigliere comunale con la lista Prima di Tutto Campo Calabro.<br \/>\nIn questi anni ho condiviso un&#8217;esperienza amministrativa di cui sono orgoglioso, \u00e8 per questo che oggi ripropongo la mia candidatura, perch\u00e9 in me ha prevalso l\u2019idea di dare continuit\u00e0 all\u2019impegno che ho iniziato dieci anni fa, insieme agli amici, con il Movimento Passione Civile.[\/vc_column_text][vc_separator color=&#8221;green&#8221; style=&#8221;shadow&#8221; border_width=&#8221;4&#8243;][vc_column_text]\n<h3><strong><a href=\"https:\/\/primadituttocampocalabro.net\/2017\/wp-content\/uploads\/2022\/05\/giuseppemandica.jpg\"><img loading=\"lazy\" class=\"alignleft size-medium wp-image-367\" src=\"https:\/\/primadituttocampocalabro.net\/2017\/wp-content\/uploads\/2022\/05\/giuseppemandica-300x300.jpg\" alt=\"\" width=\"300\" height=\"300\" srcset=\"https:\/\/primadituttocampocalabro.net\/2017\/wp-content\/uploads\/2022\/05\/giuseppemandica-300x300.jpg 300w, https:\/\/primadituttocampocalabro.net\/2017\/wp-content\/uploads\/2022\/05\/giuseppemandica-1024x1024.jpg 1024w, https:\/\/primadituttocampocalabro.net\/2017\/wp-content\/uploads\/2022\/05\/giuseppemandica-150x150.jpg 150w, https:\/\/primadituttocampocalabro.net\/2017\/wp-content\/uploads\/2022\/05\/giuseppemandica-768x768.jpg 768w, https:\/\/primadituttocampocalabro.net\/2017\/wp-content\/uploads\/2022\/05\/giuseppemandica.jpg 1200w\" sizes=\"(max-width: 300px) 100vw, 300px\" \/><\/a>GIUSEPPE MANDICA<\/strong><\/h3>\n<p>Sono Giuseppe Mandica, ho 58 anni, sono sposato ed ho una figlia di 23 anni.<br \/>\nDiplomato come perito elettrotecnico, sono responsabile dello spazio Enel di Villa San Giovanni e titolare di una azienda di servizi di sostegno alle imprese con il ruolo di energy manager.<br \/>\nCinque anni ho deciso di candidarmi con la lista Prima Di Tutto Campo Calabro, risultando primo dei non eletti. Dal 2020 sono Consigliere Comunale con delega all\u2019energia.<br \/>\nMi ricandido con la stessa squadra mettendo ancora una volta a disposizione mia voglia di fare, le mie capacit\u00e0, la mia passione passione e il mio amore per il nostro paese.[\/vc_column_text][vc_separator color=&#8221;green&#8221; style=&#8221;shadow&#8221; border_width=&#8221;4&#8243;][vc_column_text]\n<h3 style=\"text-align: justify;\"><a href=\"https:\/\/primadituttocampocalabro.net\/2017\/wp-content\/uploads\/2022\/05\/marinagiglietta.jpg\"><img loading=\"lazy\" class=\"alignleft size-medium wp-image-368\" src=\"https:\/\/primadituttocampocalabro.net\/2017\/wp-content\/uploads\/2022\/05\/marinagiglietta-300x300.jpg\" alt=\"\" width=\"300\" height=\"300\" srcset=\"https:\/\/primadituttocampocalabro.net\/2017\/wp-content\/uploads\/2022\/05\/marinagiglietta-300x300.jpg 300w, https:\/\/primadituttocampocalabro.net\/2017\/wp-content\/uploads\/2022\/05\/marinagiglietta-1024x1024.jpg 1024w, https:\/\/primadituttocampocalabro.net\/2017\/wp-content\/uploads\/2022\/05\/marinagiglietta-150x150.jpg 150w, https:\/\/primadituttocampocalabro.net\/2017\/wp-content\/uploads\/2022\/05\/marinagiglietta-768x768.jpg 768w, https:\/\/primadituttocampocalabro.net\/2017\/wp-content\/uploads\/2022\/05\/marinagiglietta.jpg 1200w\" sizes=\"(max-width: 300px) 100vw, 300px\" \/><\/a>MARINA GIGLIETTA<\/h3>\n<p>Sono Marina Giglietta, sono sposata e ho due bambine, Ginevra e Beatrice.<br \/>\nSono un&#8217;educatrice professionale e lavoro in un centro per minori a rischio devianza; da quest\u2019ultimo anno lavoro anche per la rete SAI, ovvero il sistema di accoglienza e integrazione che si occupa dell&#8217;accoglienza dei richiedenti asilo e protezione internazionale.<br \/>\nFin dalla mia infanzia ho fatto parte del gruppo scout di Campo Calabro e fino a qualche anno fa sono stata capo dell&#8217;associazione e incaricata regionale alla branca R\/S.<br \/>\nSono iscritta al Movimento Passione Civile Campo Calabro e ne condivido idee, proposte e politiche per il nostro Paese sin dalla sua fondazione nell&#8217;ormai lontano 2012.<br \/>\n\u00c8 stata naturale e consequenziale a questo mio impegno all&#8217;interno del Movimento la scelta di accettare la candidatura a consigliere che mi \u00e8 stata proposta dal comitato politico di Prima di Tutto Campo Calabro.<br \/>\nRitengo che sia importante l&#8217;apporto delle donne all&#8217;interno delle amministrazioni, in special modo nell&#8217;ambito del terzo settore, delle politiche per i giovani, per le famiglie, per la scuola.[\/vc_column_text][vc_separator color=&#8221;green&#8221; style=&#8221;shadow&#8221; border_width=&#8221;4&#8243;][vc_column_text]\n<h3><strong><a href=\"https:\/\/primadituttocampocalabro.net\/2017\/wp-content\/uploads\/2022\/05\/mariomanago.jpg\"><img loading=\"lazy\" class=\"alignleft size-medium wp-image-369\" src=\"https:\/\/primadituttocampocalabro.net\/2017\/wp-content\/uploads\/2022\/05\/mariomanago-300x300.jpg\" alt=\"\" width=\"300\" height=\"300\" srcset=\"https:\/\/primadituttocampocalabro.net\/2017\/wp-content\/uploads\/2022\/05\/mariomanago-300x300.jpg 300w, https:\/\/primadituttocampocalabro.net\/2017\/wp-content\/uploads\/2022\/05\/mariomanago-1024x1024.jpg 1024w, https:\/\/primadituttocampocalabro.net\/2017\/wp-content\/uploads\/2022\/05\/mariomanago-150x150.jpg 150w, https:\/\/primadituttocampocalabro.net\/2017\/wp-content\/uploads\/2022\/05\/mariomanago-768x768.jpg 768w, https:\/\/primadituttocampocalabro.net\/2017\/wp-content\/uploads\/2022\/05\/mariomanago.jpg 1200w\" sizes=\"(max-width: 300px) 100vw, 300px\" \/><\/a>MARIO MANAGO&#8217;<\/strong><\/h3>\n<p>Mi chiamo Mario Manag\u00f3, ho 47 anni e sono sposato con due figli. Sono diplomato Tecnico delle Industrie Meccaniche e attualmente lavoro come operaio presso una azienda chimica.<br \/>\nAlla prima esperienza di politica attiva, ho sempre seguito dall\u2019 esterno la vita politica del paese.<br \/>\nHo deciso di candidarmi per dare un contributo alla mia comunit\u00e0, in particolare a quella di Musal\u00e0 che \u00e8 la mia frazione, per la quale ho visto ed ho apprezzato l\u2019impegno di questa amministrazione e dove ritengo che ancora tanto si possa fare.<br \/>\nIo sono un uomo del \u201cfare\u201d e con la mia candidatura voglio offrire una voce ai cittadini della frazione.<br \/>\nRitengo che nella lista Prima di Tutto Campo Calabro tutti abbiamo la considerazione che meritano senza protagonismi, interessi particolari e secondi fini. \u00c8 per questo che ho deciso di farne parte e mi auguro che il mio contributo sar\u00e0 utile per Campo Calabro.<br \/>\nAuguro a tutti noi di essere all&#8217;altezza.<br \/>\n[\/vc_column_text][vc_separator color=&#8221;green&#8221; style=&#8221;shadow&#8221; border_width=&#8221;4&#8243;][vc_column_text]\n<h3><strong><a href=\"https:\/\/primadituttocampocalabro.net\/2017\/wp-content\/uploads\/2022\/05\/natinopaladino.jpg\"><img loading=\"lazy\" class=\"alignleft size-medium wp-image-370\" src=\"https:\/\/primadituttocampocalabro.net\/2017\/wp-content\/uploads\/2022\/05\/natinopaladino-300x300.jpg\" alt=\"\" width=\"300\" height=\"300\" srcset=\"https:\/\/primadituttocampocalabro.net\/2017\/wp-content\/uploads\/2022\/05\/natinopaladino-300x300.jpg 300w, https:\/\/primadituttocampocalabro.net\/2017\/wp-content\/uploads\/2022\/05\/natinopaladino-1024x1024.jpg 1024w, https:\/\/primadituttocampocalabro.net\/2017\/wp-content\/uploads\/2022\/05\/natinopaladino-150x150.jpg 150w, https:\/\/primadituttocampocalabro.net\/2017\/wp-content\/uploads\/2022\/05\/natinopaladino-768x768.jpg 768w, https:\/\/primadituttocampocalabro.net\/2017\/wp-content\/uploads\/2022\/05\/natinopaladino.jpg 1200w\" sizes=\"(max-width: 300px) 100vw, 300px\" \/><\/a>NATINO PALADINO<\/strong><\/h3>\n<p>Mi presento a voi. Sono Natino Paladino, ho 41 anni, abito in via Repaci, sono sposato con Natascia Cotroneo ed ho tre figli Aurora, Arianna e Giuseppe. Sono Geometra e in questi anni ho spaziato in molti settori tecnici, urbanistici e impiantistici.<br \/>\nSono sempre stato una persona attiva ed impegnata nell\u2019ambito della comunit\u00e0 locale in movimenti, gruppi e associazioni; faccio parte da tanti anni del Consiglio Pastorale della nostra Parrocchia e sono membro della Congrega di Sant\u2019Antonio di Padova dal 2012.<br \/>\nDa qualche anno mi sono impegnato attivamente anche nell\u2019ambito scolastico, prima come consigliere ed oggi come vice presidente del consiglio d&#8217;istituto della nostra scuola.<br \/>\nHo sempre cercato di contribuire al \u201cbello\u201d della nostra comunit\u00e0, mettendomi al servizio di ogni tipo di bisogno senza mai indietreggiare o tentennare.<br \/>\nDevo molto a Campo Calabro, a tutti voi e ai miei genitori che in modo semplice mi hanno fatto amare ogni angolo di questo nostro paese.<br \/>\nHo deciso di intraprendere questa nuova esperienza all&#8217;interno della lista Prima di Tutto Campo Calabro con il solo desiderio di restituire ai nostri figli un paese che abbiamo preso in prestito dai nostri genitori e che abbiamo il dovere di restituire pi\u00f9 bello, facendo innamorare i nostri bambini degli stessi luoghi, delle stesse strade degli stessi profumi che oggi ci fanno essere orgogliosi di essere Campesi.[\/vc_column_text][vc_separator color=&#8221;green&#8221; style=&#8221;shadow&#8221; border_width=&#8221;4&#8243;][vc_column_text]\n<h3 style=\"text-align: justify;\"><a href=\"https:\/\/primadituttocampocalabro.net\/2017\/wp-content\/uploads\/2022\/05\/santoidone.jpg\"><img loading=\"lazy\" class=\"alignleft size-medium wp-image-372\" src=\"https:\/\/primadituttocampocalabro.net\/2017\/wp-content\/uploads\/2022\/05\/santoidone-300x300.jpg\" alt=\"\" width=\"300\" height=\"300\" srcset=\"https:\/\/primadituttocampocalabro.net\/2017\/wp-content\/uploads\/2022\/05\/santoidone-300x300.jpg 300w, https:\/\/primadituttocampocalabro.net\/2017\/wp-content\/uploads\/2022\/05\/santoidone-1024x1024.jpg 1024w, https:\/\/primadituttocampocalabro.net\/2017\/wp-content\/uploads\/2022\/05\/santoidone-150x150.jpg 150w, https:\/\/primadituttocampocalabro.net\/2017\/wp-content\/uploads\/2022\/05\/santoidone-768x768.jpg 768w, https:\/\/primadituttocampocalabro.net\/2017\/wp-content\/uploads\/2022\/05\/santoidone.jpg 1200w\" sizes=\"(max-width: 300px) 100vw, 300px\" \/><\/a>SANTO IDONE<\/h3>\n<p>Sono Santo Idone, ho 58 anni sposato con Mariateresa con cui ho due figli, Antonio e Silvia.<br \/>\nHo conseguito la Maturit\u00e0 Scientifica ed ho iniziato l&#8217;attivit\u00e0 lavorativa come funzionario al Ministero del Tesoro di Torino, successivamente transitato nei ruoli INPDAP (oggi INPS) a Reggio Calabria e a Siena.<br \/>\nSono stato responsabile e docente nel processo della gestione contributiva pubblica nella sede di Reggio Calabria e di Siena, e capo contabile Inps di Siena.<br \/>\nSono stato membro CGIL della delegazione trattante nazionale per gli Enti pubblici ed economici come esperto in materia previdenziale pubblica.<br \/>\nHo rivestito la carica di assessore esterno presso il nostro comune con delega ai tributi e finanze e successivamente eletto come consigliere comunale per il PSI.<br \/>\nSono stato Tesoriere provinciale del partito della Margherita di Campo Calabro e segretario della sezione.<br \/>\nLa decennale lontananza dal mio paese per motivi di lavoro e l\u2019attenzione sempre alta alle dinamiche di trasformazione che si sono succedute, specialmente nell&#8217;ultimo quinquennio, hanno risvegliato in me quella forte passione politico-amministrativa che scelgo di mettere al servizio del mio amato paese, candidandomi nella lista Prima di Tutto Campo Calabro. [\/vc_column_text][vc_separator color=&#8221;green&#8221; style=&#8221;shadow&#8221; border_width=&#8221;4&#8243;][vc_column_text]\n<h3 style=\"text-align: justify;\"><a href=\"https:\/\/primadituttocampocalabro.net\/2017\/wp-content\/uploads\/2022\/05\/simonabellantoni.jpg\"><img loading=\"lazy\" class=\"alignleft size-medium wp-image-373\" src=\"https:\/\/primadituttocampocalabro.net\/2017\/wp-content\/uploads\/2022\/05\/simonabellantoni-300x300.jpg\" alt=\"\" width=\"300\" height=\"300\" srcset=\"https:\/\/primadituttocampocalabro.net\/2017\/wp-content\/uploads\/2022\/05\/simonabellantoni-300x300.jpg 300w, https:\/\/primadituttocampocalabro.net\/2017\/wp-content\/uploads\/2022\/05\/simonabellantoni-1024x1024.jpg 1024w, https:\/\/primadituttocampocalabro.net\/2017\/wp-content\/uploads\/2022\/05\/simonabellantoni-150x150.jpg 150w, https:\/\/primadituttocampocalabro.net\/2017\/wp-content\/uploads\/2022\/05\/simonabellantoni-768x768.jpg 768w, https:\/\/primadituttocampocalabro.net\/2017\/wp-content\/uploads\/2022\/05\/simonabellantoni.jpg 1200w\" sizes=\"(max-width: 300px) 100vw, 300px\" \/><\/a>SIMONA BELLANTONI<\/h3>\n<p>Sono Simona Bellantoni, ho 29 anni e abito a Matiniti. Ho conseguito la Laurea magistrale in Giurisprudenza presso la facolt\u00e0 di Messina. Sono un praticante avvocato presso il foro di Reggio Calabria, in procinto di abilitarmi all\u2019esercizio della professione forense e frequento corsi di formazione presso il Consiglio dell\u2019Ordine degli Avvocati per specializzarmi nel diritto penale.<br \/>\nL\u2019amore per lo studio e per la ricerca mi hanno portata a conseguire una seconda ed ulteriore laurea in Consulente del lavoro e scienze dei servizi giuridici come operatore giuridico d\u2019impresa.<br \/>\nDa sempre svolgo un ruolo attivo all\u2019interno della comunit\u00e0 e, soprattutto, della Parrocchia di Campo Calabro: sono membro del consiglio Pastorale per gli affari economici ed da qualche mese sono anche membro del Consiglio direttivo Diocesano di Reggio Calabria.<br \/>\nIl forte legame con il territorio, i suoi valori e le sue tradizioni mi hanno spinta ad essere promotrice e fondatrice dell\u2019associazione Greenlight, dedita da molti anni alla valorizzazione e allo sviluppo del nostro patrimonio culturale. Proprio all\u2019interno di quest\u2019ultima ricopro la carica di referente e segretario-contabile.<br \/>\nSono volontaria del servizio civile presso il Comune di Campo.<br \/>\nCon entusiasmo ho deciso di mettermi in gioco e sperimentare l\u2019esperienza politica per la prima volta, sposando gli ideali della lista Prima di Tutto Campo Calabro.<br \/>\nScendo in campo per dare il mio contributo e mettermi al servizio di ognuno, avvalendomi degli strumenti che pi\u00f9 mi rappresentano: la tenacia, l\u2019audacia e l\u2019amore per il mio paese.[\/vc_column_text][vc_separator color=&#8221;green&#8221; style=&#8221;shadow&#8221; border_width=&#8221;4&#8243;][vc_column_text]\n<h3 style=\"text-align: justify;\"><a href=\"https:\/\/primadituttocampocalabro.net\/2017\/wp-content\/uploads\/2022\/05\/tinacosentino.jpg\"><img loading=\"lazy\" class=\"alignleft size-medium wp-image-374\" src=\"https:\/\/primadituttocampocalabro.net\/2017\/wp-content\/uploads\/2022\/05\/tinacosentino-300x300.jpg\" alt=\"\" width=\"300\" height=\"300\" srcset=\"https:\/\/primadituttocampocalabro.net\/2017\/wp-content\/uploads\/2022\/05\/tinacosentino-300x300.jpg 300w, https:\/\/primadituttocampocalabro.net\/2017\/wp-content\/uploads\/2022\/05\/tinacosentino-1024x1024.jpg 1024w, https:\/\/primadituttocampocalabro.net\/2017\/wp-content\/uploads\/2022\/05\/tinacosentino-150x150.jpg 150w, https:\/\/primadituttocampocalabro.net\/2017\/wp-content\/uploads\/2022\/05\/tinacosentino-768x768.jpg 768w, https:\/\/primadituttocampocalabro.net\/2017\/wp-content\/uploads\/2022\/05\/tinacosentino.jpg 1200w\" sizes=\"(max-width: 300px) 100vw, 300px\" \/><\/a>TINA COSENTINO<\/h3>\n<p>Sono Tina Cosentino, sposata con Nino Scarpelli. Negli anni duemila ho lavorato Presso l\u2019Asprogal di Reggio Calabria, occupandomi di gestione di procedure, finanziamenti e bandi con la promozione delle risorse locali.<br \/>\nAttualmente lavoro in ambito scolastico nell\u2019Istituto Professionale Alberghiero Turistico di Villa San Giovanni.<br \/>\nSono nata a Campo Calabro e sono orgogliosa di essere cittadina Campese.<br \/>\nHo scelto di candidarmi con la lista Prima di Tutto Campo Calabro perch\u00e9 sento il bisogno di dare continuit\u00e0 a questa grande amministrazione, di dare un contributo per lo sviluppo del nostro territorio con le idee e i progetti di questa squadra in cui credo.<br \/>\nI temi attinenti l\u2019educazione e la scuola sono lo scopo del mio lavoro e la missione che mi sono posta, con l\u2019obiettivo di contribuire alla crescita dei nostri giovani e offrire loro delle prospettive per il futuro.<br \/>\nAltrettanto importante ritengo sia l\u2019attenzione verso gli anziani, ai quali cerco di dedicare pi\u00f9 tempo possibile.<br \/>\nPratico regolarmente attivit\u00e0 di volontariato in paese e collaboro in maniera continuativa con l\u2019associazione Nuova Solidariet\u00e0.<br \/>\nScendere in campo in questa esperienza politica con la lista Prima di Tutto Campo Calabro per me significa mettere la mia esperienza a frutto, dando il mio contributo per la questa comunit\u00e0 e continuit\u00e0 a un percorso in cui credo.<br \/>\n[\/vc_column_text][\/vc_column][\/vc_row]\n","protected":false},"excerpt":{"rendered":"<p>vc_rowvc_columnvc_column_text REPACI ROCCO ALESSANDRO (Candidato alla carica di Sindaco) Ha 64 anni, sposato con Tita, ha due figlie. \u00c8 Medico Chirurgo, Specialista in Patologia Generale ed esercita la professione di Medico di Medicina Generale e Medico Fiduciario del Ministero della Salute per l\u2019assistenza ai naviganti. \u00c8 docente nel Corso Triennale di Formazione Specifica per medici &hellip;<\/p>\n","protected":false},"author":1,"featured_media":0,"parent":0,"menu_order":0,"comment_status":"closed","ping_status":"closed","template":"","meta":{"_mi_skip_tracking":false},"_links":{"self":[{"href":"https:\/\/primadituttocampocalabro.net\/2017\/wp-json\/wp\/v2\/pages\/5"}],"collection":[{"href":"https:\/\/primadituttocampocalabro.net\/2017\/wp-json\/wp\/v2\/pages"}],"about":[{"href":"https:\/\/primadituttocampocalabro.net\/2017\/wp-json\/wp\/v2\/types\/page"}],"author":[{"embeddable":true,"href":"https:\/\/primadituttocampocalabro.net\/2017\/wp-json\/wp\/v2\/users\/1"}],"replies":[{"embeddable":true,"href":"https:\/\/primadituttocampocalabro.net\/2017\/wp-json\/wp\/v2\/comments?post=5"}],"version-history":[{"count":15,"href":"https:\/\/primadituttocampocalabro.net\/2017\/wp-json\/wp\/v2\/pages\/5\/revisions"}],"predecessor-version":[{"id":377,"href":"https:\/\/primadituttocampocalabro.net\/2017\/wp-json\/wp\/v2\/pages\/5\/revisions\/377"}],"wp:attachment":[{"href":"https:\/\/primadituttocampocalabro.net\/2017\/wp-json\/wp\/v2\/media?parent=5"}],"curies":[{"name":"wp","href":"https:\/\/api.w.org\/{rel}","templated":true}]}}